{"version":"1.0","provider_name":"Paracelsus Magazin","provider_url":"https:\/\/www.paracelsus-magazin.ch\/es\/","author_name":"Jordi Pomes Vives","author_url":"https:\/\/www.paracelsus-magazin.ch\/es\/author\/jordi-pomes-vives\/","title":"Paracelsus [XIII]\u00a0 - Paracelsus Magazin","type":"rich","width":600,"height":338,"html":"<blockquote class=\"wp-embedded-content\" data-secret=\"RXpHlVzo8R\"><a href=\"https:\/\/www.paracelsus-magazin.ch\/es\/medicina-de-paracelsus\/paracelsus-xiii\/\">Paracelsus [XIII]\u00a0<\/a><\/blockquote><iframe sandbox=\"allow-scripts\" security=\"restricted\" src=\"https:\/\/www.paracelsus-magazin.ch\/es\/medicina-de-paracelsus\/paracelsus-xiii\/embed\/#?secret=RXpHlVzo8R\" width=\"600\" height=\"338\" title=\"\u00abParacelsus [XIII]\u00a0\u00bb \u2014 Paracelsus Magazin\" data-secret=\"RXpHlVzo8R\" frameborder=\"0\" marginwidth=\"0\" marginheight=\"0\" scrolling=\"no\" class=\"wp-embedded-content\"><\/iframe><script type=\"text\/javascript\">\n\/* <![CDATA[ *\/\n\/*! This file is auto-generated *\/\n!function(d,l){\"use strict\";l.querySelector&&d.addEventListener&&\"undefined\"!=typeof URL&&(d.wp=d.wp||{},d.wp.receiveEmbedMessage||(d.wp.receiveEmbedMessage=function(e){var t=e.data;if((t||t.secret||t.message||t.value)&&!\/[^a-zA-Z0-9]\/.test(t.secret)){for(var s,r,n,a=l.querySelectorAll('iframe[data-secret=\"'+t.secret+'\"]'),o=l.querySelectorAll('blockquote[data-secret=\"'+t.secret+'\"]'),c=new RegExp(\"^https?:$\",\"i\"),i=0;i<o.length;i++)o[i].style.display=\"none\";for(i=0;i<a.length;i++)s=a[i],e.source===s.contentWindow&&(s.removeAttribute(\"style\"),\"height\"===t.message?(1e3<(r=parseInt(t.value,10))?r=1e3:~~r<200&&(r=200),s.height=r):\"link\"===t.message&&(r=new URL(s.getAttribute(\"src\")),n=new URL(t.value),c.test(n.protocol))&&n.host===r.host&&l.activeElement===s&&(d.top.location.href=t.value))}},d.addEventListener(\"message\",d.wp.receiveEmbedMessage,!1),l.addEventListener(\"DOMContentLoaded\",function(){for(var e,t,s=l.querySelectorAll(\"iframe.wp-embedded-content\"),r=0;r<s.length;r++)(t=(e=s[r]).getAttribute(\"data-secret\"))||(t=Math.random().toString(36).substring(2,12),e.src+=\"#?secret=\"+t,e.setAttribute(\"data-secret\",t)),e.contentWindow.postMessage({message:\"ready\",secret:t},\"*\")},!1)))}(window,document);\n\/\/# sourceURL=https:\/\/www.paracelsus-magazin.ch\/wp-includes\/js\/wp-embed.min.js\n\/* ]]> *\/\n<\/script>\n","thumbnail_url":"https:\/\/www.paracelsus-magazin.ch\/wp-content\/uploads\/2020\/09\/Paracelsus.jpg","thumbnail_width":2106,"thumbnail_height":1185,"description":"Un Verdadero Gran Reformador M\u00e9dico, Religioso y Social del Siglo XVI Instructor espiritual\u00a0 Para \u00e9l medicina y religi\u00f3n se entrelazaban perfectamente y, tal como dijimos anteriormente, no deb\u00eda ser extra\u00f1o o\u00edr, en las asiduas clases sobre medicina que daba por las ciudades por donde pasaba, conceptos y explicaciones o historias ligadas a la religi\u00f3n o, por lo menos, a los libros sagrados. Son muchos los testimonios que nos hablan de que\u00a0Paracelso\u00a0ejerci\u00f3 de predicador religioso entre las multitudes, sobre todo desde que aterriz\u00f3 en Salzburgo en 1524, en plena crisis social campesina. En esta ciudad no dudar\u00eda en dirigirse a las masas campesinas, si conven\u00eda en tabernas u otros lugares p\u00fablicos, como calles y plazas, reclamando justicia social basada en principios cristianos y b\u00edblicos.\u00a01\u00a0Y fue en esta ciudad donde empez\u00f3 a hacer p\u00fablicos sus escritos religiosos, que \u00e9l mismo distribu\u00eda a la gente de la ciudad. M\u00e1s adelante, continuar\u00eda sus discursos \u201cespirituales\u201d al menos en\u00a0Nuremberg,\u00a0Beratzhausen, San Galo y en la tierra de Appenzell.\u00a02\u00a0Escribi\u00f3 su primer trabajo monumental sobre teolog\u00eda cuando se encontraba en Alsacia, en 1528. Fue una interpretaci\u00f3n de los salmos de David.\u00a03\u00a0Recordemos que, como obra espec\u00edficamente religiosa suya, se conservan un buen n\u00famero de monograf\u00edas teol\u00f3gicas, comentarios b\u00edblicos, sermones, [&hellip;]"}