{"version":"1.0","provider_name":"Paracelsus Magazin","provider_url":"https:\/\/www.paracelsus-magazin.ch\/es\/","author_name":"Jordi Pomes Vives","author_url":"https:\/\/www.paracelsus-magazin.ch\/es\/author\/jordi-pomes-vives\/","title":"Paracelsus [VIII] - Paracelsus Magazin","type":"rich","width":600,"height":338,"html":"<blockquote class=\"wp-embedded-content\" data-secret=\"gKKWLidDNP\"><a href=\"https:\/\/www.paracelsus-magazin.ch\/es\/medicina-de-paracelsus\/paracelsus-viii\/\">Paracelsus [VIII]<\/a><\/blockquote><iframe sandbox=\"allow-scripts\" security=\"restricted\" src=\"https:\/\/www.paracelsus-magazin.ch\/es\/medicina-de-paracelsus\/paracelsus-viii\/embed\/#?secret=gKKWLidDNP\" width=\"600\" height=\"338\" title=\"\u00abParacelsus [VIII]\u00bb \u2014 Paracelsus Magazin\" data-secret=\"gKKWLidDNP\" frameborder=\"0\" marginwidth=\"0\" marginheight=\"0\" scrolling=\"no\" class=\"wp-embedded-content\"><\/iframe><script type=\"text\/javascript\">\n\/* <![CDATA[ *\/\n\/*! This file is auto-generated *\/\n!function(d,l){\"use strict\";l.querySelector&&d.addEventListener&&\"undefined\"!=typeof URL&&(d.wp=d.wp||{},d.wp.receiveEmbedMessage||(d.wp.receiveEmbedMessage=function(e){var t=e.data;if((t||t.secret||t.message||t.value)&&!\/[^a-zA-Z0-9]\/.test(t.secret)){for(var s,r,n,a=l.querySelectorAll('iframe[data-secret=\"'+t.secret+'\"]'),o=l.querySelectorAll('blockquote[data-secret=\"'+t.secret+'\"]'),c=new RegExp(\"^https?:$\",\"i\"),i=0;i<o.length;i++)o[i].style.display=\"none\";for(i=0;i<a.length;i++)s=a[i],e.source===s.contentWindow&&(s.removeAttribute(\"style\"),\"height\"===t.message?(1e3<(r=parseInt(t.value,10))?r=1e3:~~r<200&&(r=200),s.height=r):\"link\"===t.message&&(r=new URL(s.getAttribute(\"src\")),n=new URL(t.value),c.test(n.protocol))&&n.host===r.host&&l.activeElement===s&&(d.top.location.href=t.value))}},d.addEventListener(\"message\",d.wp.receiveEmbedMessage,!1),l.addEventListener(\"DOMContentLoaded\",function(){for(var e,t,s=l.querySelectorAll(\"iframe.wp-embedded-content\"),r=0;r<s.length;r++)(t=(e=s[r]).getAttribute(\"data-secret\"))||(t=Math.random().toString(36).substring(2,12),e.src+=\"#?secret=\"+t,e.setAttribute(\"data-secret\",t)),e.contentWindow.postMessage({message:\"ready\",secret:t},\"*\")},!1)))}(window,document);\n\/\/# sourceURL=https:\/\/www.paracelsus-magazin.ch\/wp-includes\/js\/wp-embed.min.js\n\/* ]]> *\/\n<\/script>\n","thumbnail_url":"https:\/\/www.paracelsus-magazin.ch\/wp-content\/uploads\/2020\/09\/Paracelsus.jpg","thumbnail_width":2106,"thumbnail_height":1185,"description":"Un Verdadero Gran Reformador M\u00e9dico, Religioso y Social del Siglo XVI La Madurez (1524-1541) Su vida y obra m\u00e9dica, religiosa y social por el Centro de Europa, Parte I A partir de 1524, sin dejar de peregrinar nunca, ya no dejar\u00e1 Europa Central, sobre todo en territorio de habla germ\u00e1nica, entre Suiza, Austria, Alemania, la regi\u00f3n oriental actualmente francesa de Alsacia y la parte m\u00e1s alpina y septentrional de Italia. La zona m\u00e1s n\u00f3rdica que visit\u00f3 en esta etapa fue alg\u00fan punto indeterminado de Prusia, en Alemania; el punto m\u00e1s oriental fue Bratislava, en Eslovaquia; el punto m\u00e1s meridional fue Saint-Moritz, en Suiza; y el punto m\u00e1s occidental fue Colmar, en Alsacia. Entre estos cuatro puntos desarroll\u00f3 la etapa fundamental de su vida, la que mejor se conoce, y en la que pudo desplegar de forma te\u00f3rica y pr\u00e1ctica todo lo que hab\u00eda aprendido hasta entonces en sus viajes alrededor de Europa y pa\u00edses lim\u00edtrofes. Sin dejar de aprender, durante esta \u00faltima etapa de su vida de 17 intens\u00edsimos a\u00f1os \u2013dieciocho si contamos desde que cruz\u00f3 los Alpes en 1523 para regresar a casa de su padre en Villach\u2013 cur\u00f3, ense\u00f1\u00f3, escribi\u00f3 los libros y tratados que conocemos y defendi\u00f3 [&hellip;]"}