{"version":"1.0","provider_name":"Paracelsus Magazin","provider_url":"https:\/\/www.paracelsus-magazin.ch\/es\/","author_name":"Jordi Pomes Vives","author_url":"https:\/\/www.paracelsus-magazin.ch\/es\/author\/jordi-pomes-vives\/","title":"Paracelsus [VI] - Paracelsus Magazin","type":"rich","width":600,"height":338,"html":"<blockquote class=\"wp-embedded-content\" data-secret=\"Zt84vmhk9z\"><a href=\"https:\/\/www.paracelsus-magazin.ch\/es\/medicina-de-paracelsus\/paracelsus-vi\/\">Paracelsus [VI]<\/a><\/blockquote><iframe sandbox=\"allow-scripts\" security=\"restricted\" src=\"https:\/\/www.paracelsus-magazin.ch\/es\/medicina-de-paracelsus\/paracelsus-vi\/embed\/#?secret=Zt84vmhk9z\" width=\"600\" height=\"338\" title=\"\u00abParacelsus [VI]\u00bb \u2014 Paracelsus Magazin\" data-secret=\"Zt84vmhk9z\" frameborder=\"0\" marginwidth=\"0\" marginheight=\"0\" scrolling=\"no\" class=\"wp-embedded-content\"><\/iframe><script type=\"text\/javascript\">\n\/* <![CDATA[ *\/\n\/*! This file is auto-generated *\/\n!function(d,l){\"use strict\";l.querySelector&&d.addEventListener&&\"undefined\"!=typeof URL&&(d.wp=d.wp||{},d.wp.receiveEmbedMessage||(d.wp.receiveEmbedMessage=function(e){var t=e.data;if((t||t.secret||t.message||t.value)&&!\/[^a-zA-Z0-9]\/.test(t.secret)){for(var s,r,n,a=l.querySelectorAll('iframe[data-secret=\"'+t.secret+'\"]'),o=l.querySelectorAll('blockquote[data-secret=\"'+t.secret+'\"]'),c=new RegExp(\"^https?:$\",\"i\"),i=0;i<o.length;i++)o[i].style.display=\"none\";for(i=0;i<a.length;i++)s=a[i],e.source===s.contentWindow&&(s.removeAttribute(\"style\"),\"height\"===t.message?(1e3<(r=parseInt(t.value,10))?r=1e3:~~r<200&&(r=200),s.height=r):\"link\"===t.message&&(r=new URL(s.getAttribute(\"src\")),n=new URL(t.value),c.test(n.protocol))&&n.host===r.host&&l.activeElement===s&&(d.top.location.href=t.value))}},d.addEventListener(\"message\",d.wp.receiveEmbedMessage,!1),l.addEventListener(\"DOMContentLoaded\",function(){for(var e,t,s=l.querySelectorAll(\"iframe.wp-embedded-content\"),r=0;r<s.length;r++)(t=(e=s[r]).getAttribute(\"data-secret\"))||(t=Math.random().toString(36).substring(2,12),e.src+=\"#?secret=\"+t,e.setAttribute(\"data-secret\",t)),e.contentWindow.postMessage({message:\"ready\",secret:t},\"*\")},!1)))}(window,document);\n\/\/# sourceURL=https:\/\/www.paracelsus-magazin.ch\/wp-includes\/js\/wp-embed.min.js\n\/* ]]> *\/\n<\/script>\n","thumbnail_url":"https:\/\/www.paracelsus-magazin.ch\/wp-content\/uploads\/2020\/09\/Paracelsus.jpg","thumbnail_width":2106,"thumbnail_height":1185,"description":"Un Verdadero Gran Reformador M\u00e9dico, Religioso y Social del Siglo XVI\u00a0 La Naturaleza como el mejor maestro A pesar de sus estudios universitarios, Paracelso en general fue muy cr\u00edtico con los profesores que tuvo en las diferentes facultades de medicina por las que pas\u00f3, donde, seg\u00fan \u00e9l, no le ense\u00f1aron la verdadera ciencia de la naturaleza. Por ello, cuando dej\u00f3 Ferrara, decidi\u00f3 dejar de instruirse a trav\u00e9s de libros y profesores acad\u00e9micos y empezar a aprender exclusivamente de lo que la misma naturaleza, as\u00ed como la sabidur\u00eda popular de las gentes humildes de todo el mundo, pod\u00edan ense\u00f1arle. De esta manera, en 1515 \u2013cuando contaba 21 a\u00f1os\u2013, empez\u00f3 un largo recorrido, que inici\u00f3 en direcci\u00f3n al sur de Italia, y que termin\u00f3 en 1524, cuando se instal\u00f3 como m\u00e9dico municipal en Salzburgo. Fue el per\u00edodo en el que recorri\u00f3 toda Europa y parte de Asia y \u00c1frica. En esta etapa Paracelso ya ten\u00eda claro el valor de la Naturaleza como la gran y \u00fanica maestra, a la cual calificaba como un \u201cgran laboratorio\u201d que ten\u00eda su propia luz. 1 Sin duda, de peque\u00f1o ya hab\u00eda intuido este valor y por ello quiso estar ya de ni\u00f1o en contacto permanente con [&hellip;]"}