{"version":"1.0","provider_name":"Paracelsus Magazin","provider_url":"https:\/\/www.paracelsus-magazin.ch\/es\/","author_name":"Jordi Pomes Vives","author_url":"https:\/\/www.paracelsus-magazin.ch\/es\/author\/jordi-pomes-vives\/","title":"Paracelsus [IV] - Paracelsus Magazin","type":"rich","width":600,"height":338,"html":"<blockquote class=\"wp-embedded-content\" data-secret=\"2qK4iSL4hM\"><a href=\"https:\/\/www.paracelsus-magazin.ch\/es\/medicina-de-paracelsus\/paracelsus-iv\/\">Paracelsus [IV]<\/a><\/blockquote><iframe sandbox=\"allow-scripts\" security=\"restricted\" src=\"https:\/\/www.paracelsus-magazin.ch\/es\/medicina-de-paracelsus\/paracelsus-iv\/embed\/#?secret=2qK4iSL4hM\" width=\"600\" height=\"338\" title=\"\u00abParacelsus [IV]\u00bb \u2014 Paracelsus Magazin\" data-secret=\"2qK4iSL4hM\" frameborder=\"0\" marginwidth=\"0\" marginheight=\"0\" scrolling=\"no\" class=\"wp-embedded-content\"><\/iframe><script type=\"text\/javascript\">\n\/* <![CDATA[ *\/\n\/*! This file is auto-generated *\/\n!function(d,l){\"use strict\";l.querySelector&&d.addEventListener&&\"undefined\"!=typeof URL&&(d.wp=d.wp||{},d.wp.receiveEmbedMessage||(d.wp.receiveEmbedMessage=function(e){var t=e.data;if((t||t.secret||t.message||t.value)&&!\/[^a-zA-Z0-9]\/.test(t.secret)){for(var s,r,n,a=l.querySelectorAll('iframe[data-secret=\"'+t.secret+'\"]'),o=l.querySelectorAll('blockquote[data-secret=\"'+t.secret+'\"]'),c=new RegExp(\"^https?:$\",\"i\"),i=0;i<o.length;i++)o[i].style.display=\"none\";for(i=0;i<a.length;i++)s=a[i],e.source===s.contentWindow&&(s.removeAttribute(\"style\"),\"height\"===t.message?(1e3<(r=parseInt(t.value,10))?r=1e3:~~r<200&&(r=200),s.height=r):\"link\"===t.message&&(r=new URL(s.getAttribute(\"src\")),n=new URL(t.value),c.test(n.protocol))&&n.host===r.host&&l.activeElement===s&&(d.top.location.href=t.value))}},d.addEventListener(\"message\",d.wp.receiveEmbedMessage,!1),l.addEventListener(\"DOMContentLoaded\",function(){for(var e,t,s=l.querySelectorAll(\"iframe.wp-embedded-content\"),r=0;r<s.length;r++)(t=(e=s[r]).getAttribute(\"data-secret\"))||(t=Math.random().toString(36).substring(2,12),e.src+=\"#?secret=\"+t,e.setAttribute(\"data-secret\",t)),e.contentWindow.postMessage({message:\"ready\",secret:t},\"*\")},!1)))}(window,document);\n\/\/# sourceURL=https:\/\/www.paracelsus-magazin.ch\/wp-includes\/js\/wp-embed.min.js\n\/* ]]> *\/\n<\/script>\n","thumbnail_url":"https:\/\/www.paracelsus-magazin.ch\/wp-content\/uploads\/2020\/09\/Paracelsus.jpg","thumbnail_width":2106,"thumbnail_height":1185,"description":"Paracelsus, un Verdadero Gran Reformador M\u00e9dico, Religioso y Social del Siglo XVI 2. Las primeras etapas de su vida y sus largos viajes de aprendizaje (1493-1523)\u00a0 \u00a02.1 Nacimiento y familia de origen\u00a0 Paracelso naci\u00f3 el 17 de diciembre de 1493\u00a01\u00a0en un peque\u00f1o valle suizo, muy cerca de la poblaci\u00f3n de Einsiedeln (en la regi\u00f3n de\u00a0Zurich), renombrado centro de peregrinaci\u00f3n en el coraz\u00f3n de Europa, en el camino de Santiago. La casa donde naci\u00f3, y en la que pas\u00f3 su infancia, se halla situada a orillas del r\u00edo\u00a0Sihl, cerca del puente conocido como \u201cEl Puente del Diablo\u201d. Fue el \u00fanico hijo que tuvieron sus padres -Elsa\u00a0Oschner\u00a0y Wilhelm\u00a0Bombast\u00a0Von\u00a0Hohenheim-,\u00a02\u00a0los cuales se hab\u00edan casado el a\u00f1o anterior, en 1492. Fue el mismo a\u00f1o en que su padre se hab\u00eda establecido en Einsiedeln como m\u00e9dico principal de la comarca con formaci\u00f3n acad\u00e9mica, y en que se supone que conoci\u00f3 a su futura esposa. \u00c9sta era enfermera y supervisora del hospital del monasterio de Einsiedeln, el mismo pueblo donde hab\u00eda nacido. Aunque desgraciadamente su madre falleci\u00f3 cuando Paracelso ten\u00eda tan solo 8 a\u00f1os, la profesi\u00f3n de sus progenitores influy\u00f3 sin duda en su vocaci\u00f3n por el arte de curar. Paracelso vener\u00f3 siempre a sus padres. A [&hellip;]"}