{"version":"1.0","provider_name":"Paracelsus Magazin","provider_url":"https:\/\/www.paracelsus-magazin.ch\/de\/","author_name":"Ravi Roy \/ Carola Lage-Roy","author_url":"https:\/\/www.paracelsus-magazin.ch\/de\/author\/roy\/","title":"Die Welt der Chakrabl\u00fcten Essenzen  [III] - Paracelsus Magazin","type":"rich","width":600,"height":338,"html":"<blockquote class=\"wp-embedded-content\" data-secret=\"2jcnECJpJJ\"><a href=\"https:\/\/www.paracelsus-magazin.ch\/de\/verschiedenes\/die-welt-der-chakrablueten-essenzen-iii\/\">Die Welt der Chakrabl\u00fcten Essenzen   [III]<\/a><\/blockquote><iframe sandbox=\"allow-scripts\" security=\"restricted\" src=\"https:\/\/www.paracelsus-magazin.ch\/de\/verschiedenes\/die-welt-der-chakrablueten-essenzen-iii\/embed\/#?secret=2jcnECJpJJ\" width=\"600\" height=\"338\" title=\"&#8222;Die Welt der Chakrabl\u00fcten Essenzen   [III]&#8220; &#8211; Paracelsus Magazin\" data-secret=\"2jcnECJpJJ\" frameborder=\"0\" marginwidth=\"0\" marginheight=\"0\" scrolling=\"no\" class=\"wp-embedded-content\"><\/iframe><script type=\"text\/javascript\">\n\/* <![CDATA[ *\/\n\/*! This file is auto-generated *\/\n!function(d,l){\"use strict\";l.querySelector&&d.addEventListener&&\"undefined\"!=typeof URL&&(d.wp=d.wp||{},d.wp.receiveEmbedMessage||(d.wp.receiveEmbedMessage=function(e){var t=e.data;if((t||t.secret||t.message||t.value)&&!\/[^a-zA-Z0-9]\/.test(t.secret)){for(var s,r,n,a=l.querySelectorAll('iframe[data-secret=\"'+t.secret+'\"]'),o=l.querySelectorAll('blockquote[data-secret=\"'+t.secret+'\"]'),c=new RegExp(\"^https?:$\",\"i\"),i=0;i<o.length;i++)o[i].style.display=\"none\";for(i=0;i<a.length;i++)s=a[i],e.source===s.contentWindow&&(s.removeAttribute(\"style\"),\"height\"===t.message?(1e3<(r=parseInt(t.value,10))?r=1e3:~~r<200&&(r=200),s.height=r):\"link\"===t.message&&(r=new URL(s.getAttribute(\"src\")),n=new URL(t.value),c.test(n.protocol))&&n.host===r.host&&l.activeElement===s&&(d.top.location.href=t.value))}},d.addEventListener(\"message\",d.wp.receiveEmbedMessage,!1),l.addEventListener(\"DOMContentLoaded\",function(){for(var e,t,s=l.querySelectorAll(\"iframe.wp-embedded-content\"),r=0;r<s.length;r++)(t=(e=s[r]).getAttribute(\"data-secret\"))||(t=Math.random().toString(36).substring(2,12),e.src+=\"#?secret=\"+t,e.setAttribute(\"data-secret\",t)),e.contentWindow.postMessage({message:\"ready\",secret:t},\"*\")},!1)))}(window,document);\n\/\/# sourceURL=https:\/\/www.paracelsus-magazin.ch\/wp-includes\/js\/wp-embed.min.js\n\/* ]]> *\/\n<\/script>\n","thumbnail_url":"https:\/\/www.paracelsus-magazin.ch\/wp-content\/uploads\/2022\/04\/sulphur-anemone-1.jpeg","thumbnail_width":720,"thumbnail_height":405,"description":"1. Die Herstellung Die Sonnenmethode Die Chakrabl\u00fcten Essenzen werden zwar nach der Sonnenmethode hergestellt, die auch Dr. Bach benutzte, und doch gibt es entscheidende Unterschiede. Die Sonnenmethode kann man bis in die Antike zur\u00fcckverfolgen. Sie scheint fast in jeder alten Volksheilkunde ihren Platz gehabt zu haben. Hierbei werden die Bl\u00fcten in reines Quellwasser gelegt und von der Sonne beschienen. Auf diese Weise \u00fcbertr\u00e4gt sich die Heilkraft der Pflanze auf das Wasser. Die Chakrabl\u00fcten Essenzen \u00dcber zehn Jahre besch\u00e4ftigte ich mich intensiv mit der Herstellung der Bachbl\u00fcten, bevor ich die Chakrabl\u00fcten Essenzen entdeckte. Je l\u00e4nger ich mit den Bachbl\u00fcten experimentierte, desto mehr wurde mir klar, welchen Einfluss alle Energien haben, die an dem Herstellungsprozess beteiligt sind: die Energie der Zeit, des Ortes, des Wassers als Tr\u00e4ger und der Herstellerin. Doch mir wurde langsam auch immer klarer, dass ich eigentlich \u00fcber die Art der Hilfe, die ich mir so sehnlichst w\u00fcnschte, um den Menschen in ihrem Leid helfen zu k\u00f6nnen, nichts, aber auch gar nichts wusste. In dem tiefen Vertrauen, dass dies nur durch die geistige Welt m\u00f6glich sei, wurde die Bitte auf wunderbare Weise erf\u00fcllt. Die Chakrabl\u00fcten Essenzen sind ein gro\u00dfes Geschenk! Oftmals \u201eriefen\u201c die Pflanzen mich an hohen religi\u00f6sen Feiertagen [&hellip;]"}