{"version":"1.0","provider_name":"Paracelsus Magazin","provider_url":"https:\/\/www.paracelsus-magazin.ch\/de\/","author_name":"Thomas Feichtinger","author_url":"https:\/\/www.paracelsus-magazin.ch\/de\/author\/feichtinger\/","title":"Nr. 4 Kalium chloratum [III] - Paracelsus Magazin","type":"rich","width":600,"height":338,"html":"<blockquote class=\"wp-embedded-content\" data-secret=\"AjC6iAJi9w\"><a href=\"https:\/\/www.paracelsus-magazin.ch\/de\/homoeopathie\/nr-4-kalium-chloratum-iii\/\">Nr. 4  Kalium chloratum  [III]<\/a><\/blockquote><iframe sandbox=\"allow-scripts\" security=\"restricted\" src=\"https:\/\/www.paracelsus-magazin.ch\/de\/homoeopathie\/nr-4-kalium-chloratum-iii\/embed\/#?secret=AjC6iAJi9w\" width=\"600\" height=\"338\" title=\"&#8222;Nr. 4  Kalium chloratum  [III]&#8220; &#8211; Paracelsus Magazin\" data-secret=\"AjC6iAJi9w\" frameborder=\"0\" marginwidth=\"0\" marginheight=\"0\" scrolling=\"no\" class=\"wp-embedded-content\"><\/iframe><script type=\"text\/javascript\">\n\/* <![CDATA[ *\/\n\/*! This file is auto-generated *\/\n!function(d,l){\"use strict\";l.querySelector&&d.addEventListener&&\"undefined\"!=typeof URL&&(d.wp=d.wp||{},d.wp.receiveEmbedMessage||(d.wp.receiveEmbedMessage=function(e){var t=e.data;if((t||t.secret||t.message||t.value)&&!\/[^a-zA-Z0-9]\/.test(t.secret)){for(var s,r,n,a=l.querySelectorAll('iframe[data-secret=\"'+t.secret+'\"]'),o=l.querySelectorAll('blockquote[data-secret=\"'+t.secret+'\"]'),c=new RegExp(\"^https?:$\",\"i\"),i=0;i<o.length;i++)o[i].style.display=\"none\";for(i=0;i<a.length;i++)s=a[i],e.source===s.contentWindow&&(s.removeAttribute(\"style\"),\"height\"===t.message?(1e3<(r=parseInt(t.value,10))?r=1e3:~~r<200&&(r=200),s.height=r):\"link\"===t.message&&(r=new URL(s.getAttribute(\"src\")),n=new URL(t.value),c.test(n.protocol))&&n.host===r.host&&l.activeElement===s&&(d.top.location.href=t.value))}},d.addEventListener(\"message\",d.wp.receiveEmbedMessage,!1),l.addEventListener(\"DOMContentLoaded\",function(){for(var e,t,s=l.querySelectorAll(\"iframe.wp-embedded-content\"),r=0;r<s.length;r++)(t=(e=s[r]).getAttribute(\"data-secret\"))||(t=Math.random().toString(36).substring(2,12),e.src+=\"#?secret=\"+t,e.setAttribute(\"data-secret\",t)),e.contentWindow.postMessage({message:\"ready\",secret:t},\"*\")},!1)))}(window,document);\n\/\/# sourceURL=https:\/\/www.paracelsus-magazin.ch\/wp-includes\/js\/wp-embed.min.js\n\/* ]]> *\/\n<\/script>\n","thumbnail_url":"https:\/\/www.paracelsus-magazin.ch\/wp-content\/uploads\/2021\/05\/globuli-3163133__480.jpeg","thumbnail_width":720,"thumbnail_height":405,"description":"Chlorkalium, Chlorkali, Kaliumchlorid, salzsaures Kali, etwas veraltet: Kalium muriaticum oder Kalium hydrochloricum 1.6.2 Warzen \u201efibrinhaltige plastische Sekrete unter der Epidermis, wenn die in Blasen gehoben sind\u201c (Sch\u00fc\u00dfler) Nr. 4+10 (Nr. 10 entzieht Wasser, die Warzen schrumpfen und fallen ab) Warzen Einnahme: 1. Stufe: Nr. 4 +10 2. Stufe: Nr. 3+4+5+8+10 als Cremegelmischung zus\u00e4tzlich und in der Mineralstoffmischung baden 1.6.3 Faserstoff in den Schleimh\u00e4uten 1.6.3.1 Bronchien Der gr\u00f6\u00dfte Speicher f\u00fcr diesen MS sind die Bronchien. Durch Anwesenheit der Nr. 4 wird der Faserstoff in L\u00f6sung gehalten. Bei einer Verk\u00fchlung wird viel von diesem MS verbraucht, weil die Dr\u00fcsent\u00e4tigkeit angeregt ist. Das KCl wird aus den Bronchien abgezogen und der Faserstoff f\u00e4llt als wei\u00dflicher, oft fadenziehender Schleim an, man spricht von verschleimtem Husten.\u00a0 Wird Kalium chloratum aus den Schleimh\u00e4uten grunds\u00e4tzlich (im ganzen K\u00f6rper: Nase, Genitalbereich, Bronchien) herausgel\u00f6st, f\u00e4llt der Faserstoff als wei\u00dflicher Schleim an. Haupts\u00e4chlich betroffen sind davon die Bronchien, die \u00fcber einen gro\u00dfen Speicher an diesem Mineralstoff verf\u00fcgen. Werden in den Bronchien Kalium chloratum Molek\u00fcle herausgel\u00f6st, bildet sich ein z\u00e4her wei\u00dfer Schleim, der ausgehustet wird. Das Bem\u00fchen des Menschen sollte sich danach richten, dass der Bedarf an diesem Mineralstoff gedeckt wird, wodurch es nicht unn\u00f6tigerweise zu einem weiteren Abbau von Schleimh\u00e4uten [&hellip;]"}